{"id":9477,"date":"2011-12-27T13:32:22","date_gmt":"2011-12-27T12:32:22","guid":{"rendered":"http:\/\/www.botanischer-garten-wuppertal.de\/wordpress\/?page_id=9477"},"modified":"2026-01-09T14:22:53","modified_gmt":"2026-01-09T13:22:53","slug":"oeffnung-des-elisenturms","status":"publish","type":"page","link":"http:\/\/www.botanischer-garten-wuppertal.de\/wordpress\/?page_id=9477","title":{"rendered":"\u00d6ffnung des Elisenturms"},"content":{"rendered":"<h2 class=\"has-text-align-center wp-block-heading\" style=\"text-align: center;\"><strong>\u00d6ffnung des Elisenturms bei sch\u00f6nem Wetter und Infos zum F\u00f6rderverein<\/strong><\/h2>\n<p class=\"has-text-align-center\" style=\"text-align: center;\"><em><strong>Eine Pr\u00e4sentation des Vereins der Freunde und F\u00f6rderer des Botanischen Gartens Wuppertal e.V.\u00a0<\/strong><\/em><\/p>\n<div id=\"attachment_8986\" style=\"width: 650px\" class=\"wp-caption alignnone\"><img loading=\"lazy\" decoding=\"async\" aria-describedby=\"caption-attachment-8986\" class=\"wp-image-8986 size-large\" src=\"http:\/\/www.botanischer-garten-wuppertal.de\/wordpress\/wp-content\/uploads\/2022\/12\/2021-10-05_Elisenturm-edited-1024x768.jpg\" alt=\"\" width=\"640\" height=\"480\" srcset=\"http:\/\/www.botanischer-garten-wuppertal.de\/wordpress\/wp-content\/uploads\/2022\/12\/2021-10-05_Elisenturm-edited-1024x768.jpg 1024w, http:\/\/www.botanischer-garten-wuppertal.de\/wordpress\/wp-content\/uploads\/2022\/12\/2021-10-05_Elisenturm-edited-300x225.jpg 300w, http:\/\/www.botanischer-garten-wuppertal.de\/wordpress\/wp-content\/uploads\/2022\/12\/2021-10-05_Elisenturm-edited-768x576.jpg 768w, http:\/\/www.botanischer-garten-wuppertal.de\/wordpress\/wp-content\/uploads\/2022\/12\/2021-10-05_Elisenturm-edited.jpg 1440w\" sizes=\"auto, (max-width: 640px) 100vw, 640px\" \/><p id=\"caption-attachment-8986\" class=\"wp-caption-text\">Foto: \u00a9 Anja Hennern<\/p><\/div>\n<p class=\"has-text-align-center\" style=\"text-align: center;\">Bei sch\u00f6nem Wetter \u00f6ffnen die ehrenamtlich t\u00e4tigen Mitglieder des F\u00f6rdervereins an Sonn- und Feiertagen den Elisenturm (Kern\u00f6ffnungszeit von 15.00 \u2013 17.00 Uhr, oft auch bereits fr\u00fcher).<br \/>\nDie Besucher genie\u00dfen von der Aussichtsplattform einen Rundumblick \u00fcber den Botanischen Garten, das Gartendenkmal Hardt und die gesamte Stadt Wuppertal.<br \/>\n<strong>Eine Spende f\u00fcr den F\u00f6rderverein ist erw\u00fcnscht.<br \/>\n<\/strong><em>Aus Brandschutzgr\u00fcnden d\u00fcrfen keine Personen mit Gehbeeintr\u00e4chtigung auf den Turm, die Personenzahl ist auf 40 begrenzt.<\/em><\/p>\n<p class=\"has-text-align-center\" style=\"text-align: center;\">Gartenbesucher k\u00f6nnen sich am Infostand auf der Balustrade des Elisenturms \u00fcber die Arbeit des 1993 gegr\u00fcndeten Vereins informieren und Vereinsartikel sowie Infomaterial des Botanischen Gartens erwerben.<\/p>\n<p style=\"text-align: center;\"><strong>Verein der Freunde und F\u00f6rderer des Botanischen Gartens Wuppertal e.V.<br \/>\n<\/strong><strong>Ort: Elisenturm<\/strong><\/p>\n<h2 class=\"has-text-align-center\" style=\"text-align: center;\"><strong>Termine der Turm\u00f6ffnung 2026<\/strong><\/h2>\n<p class=\"has-text-align-center\" style=\"text-align: center;\"><strong>Die Turm\u00f6ffnung ist abh\u00e4ngig vom Wetter und wird von Mai bis Oktober an Sonn- und Feiertagen angeboten.<br \/>\n<span style=\"color: #ff0000;\">Die Kern\u00f6ffnungszeit ist jeweils zwischen 15.00 und 17.00 Uhr, oft ist der Turm auch bereits fr\u00fcher ge\u00f6ffnet:<\/span><br \/>\n<\/strong>Fr. 01. Mai (Maifeiertag)<br \/>\nSo. 03. Mai (&#8222;Blumen- und Gartenmarkt&#8220;)<br \/>\nSo. 10. Mai (Muttertag)<br \/>\nDo. 14. Mai (Christi Himmelfahrt)<br \/>\nSo. 17. Mai<br \/>\nSo. 24. + Mo. 25. Mai (Pfingsten)<br \/>\nSo. 31. Mai<\/p>\n<p style=\"text-align: center;\">Do. 04. Juni (Fronleichnam)<br \/>\nSo. 07. Juni<br \/>\nSo. 14. Juni<br \/>\nSo. 21. Juni<br \/>\nSo. 28. Juni<\/p>\n<p class=\"has-text-align-center\" style=\"text-align: center;\">So. 05. Juli<br \/>\nSo. 12. Juli<br \/>\nSo. 19. Juli<br \/>\nSo. 26. Juli<\/p>\n<p class=\"has-text-align-center\" style=\"text-align: center;\">So. 02. August<br \/>\nSo. 09. August<br \/>\nSa. 15. August (Fest &#8222;Rund um den Elisenturm&#8220;)<br \/>\nSo. 16. August (Fest &#8222;Rund um den Elisenturm&#8220;)<br \/>\nSo. 23. August<br \/>\nSo. 30. August<\/p>\n<p class=\"has-text-align-center\" style=\"text-align: center;\">So. 06. September<br \/>\nSo. 13. September<br \/>\nSo. 20. September<br \/>\nSo. 27. September<\/p>\n<p class=\"has-text-align-center\" style=\"text-align: center;\">Sa. 03. Oktober (Tag der Deutschen Einheit)<br \/>\nSo. 04. Oktober<br \/>\nSo. 11. Oktober<br \/>\nSo. 18. Oktober<br \/>\nSo. 25. Oktober<\/p>\n<p style=\"text-align: center;\">Auch an weiteren Sonntagen mit sch\u00f6nem Wetter kann der Elisenturm ggf. kurzfristig ge\u00f6ffnet sein.<\/p>\n<p style=\"text-align: center;\"><em>Wir bedanken uns herzlich bei allen ehrenamtlich t\u00e4tigen Mitgliedern des F\u00f6rdervereins, die w\u00e4hrend der Saison mit gro\u00dfem Engagement die \u00d6ffnung des Elisenturms f\u00fcr die Gartenbesucher erm\u00f6glichen.\u00a0<\/em><\/p>\n","protected":false},"excerpt":{"rendered":"<p>\u00d6ffnung des Elisenturms bei sch\u00f6nem Wetter und Infos zum F\u00f6rderverein Eine Pr\u00e4sentation des Vereins der Freunde und F\u00f6rderer des Botanischen Gartens Wuppertal e.V.\u00a0 Bei sch\u00f6nem Wetter \u00f6ffnen die ehrenamtlich t\u00e4tigen Mitglieder des F\u00f6rdervereins an Sonn- und Feiertagen den Elisenturm (Kern\u00f6ffnungszeit &hellip; <a href=\"http:\/\/www.botanischer-garten-wuppertal.de\/wordpress\/?page_id=9477\">Weiterlesen <span class=\"meta-nav\">&rarr;<\/span><\/a><\/p>\n","protected":false},"author":27,"featured_media":0,"parent":34,"menu_order":4,"comment_status":"closed","ping_status":"closed","template":"onecolumn-page.php","meta":{"footnotes":""},"class_list":["post-9477","page","type-page","status-publish","hentry"],"_links":{"self":[{"href":"http:\/\/www.botanischer-garten-wuppertal.de\/wordpress\/index.php?rest_route=\/wp\/v2\/pages\/9477","targetHints":{"allow":["GET"]}}],"collection":[{"href":"http:\/\/www.botanischer-garten-wuppertal.de\/wordpress\/index.php?rest_route=\/wp\/v2\/pages"}],"about":[{"href":"http:\/\/www.botanischer-garten-wuppertal.de\/wordpress\/index.php?rest_route=\/wp\/v2\/types\/page"}],"author":[{"embeddable":true,"href":"http:\/\/www.botanischer-garten-wuppertal.de\/wordpress\/index.php?rest_route=\/wp\/v2\/users\/27"}],"replies":[{"embeddable":true,"href":"http:\/\/www.botanischer-garten-wuppertal.de\/wordpress\/index.php?rest_route=%2Fwp%2Fv2%2Fcomments&post=9477"}],"version-history":[{"count":10,"href":"http:\/\/www.botanischer-garten-wuppertal.de\/wordpress\/index.php?rest_route=\/wp\/v2\/pages\/9477\/revisions"}],"predecessor-version":[{"id":10461,"href":"http:\/\/www.botanischer-garten-wuppertal.de\/wordpress\/index.php?rest_route=\/wp\/v2\/pages\/9477\/revisions\/10461"}],"up":[{"embeddable":true,"href":"http:\/\/www.botanischer-garten-wuppertal.de\/wordpress\/index.php?rest_route=\/wp\/v2\/pages\/34"}],"wp:attachment":[{"href":"http:\/\/www.botanischer-garten-wuppertal.de\/wordpress\/index.php?rest_route=%2Fwp%2Fv2%2Fmedia&parent=9477"}],"curies":[{"name":"wp","href":"https:\/\/api.w.org\/{rel}","templated":true}]}}